{"id":20286,"date":"2021-11-17T11:54:27","date_gmt":"2021-11-17T10:54:27","guid":{"rendered":"https:\/\/font-romeu.fr\/loisirs\/le-calvaire-le-pelerin-et-la-porteuse-deau\/"},"modified":"2021-11-17T11:54:27","modified_gmt":"2021-11-17T10:54:27","slug":"le-calvaire-le-pelerin-et-la-porteuse-deau","status":"publish","type":"loisirs","link":"https:\/\/font-romeu.fr\/es\/aficiones\/le-calvaire-le-pelerin-et-la-porteuse-deau\/","title":{"rendered":"Le Calvaire, le P\u00e8lerin et la Porteuse d\u2019eau"},"content":{"rendered":"<p>El Calvario, que se alza majestuosamente sobre una de las colinas boscosas que rodean Font-Romeu, es un lugar encantador desde donde se disfruta de una vista panor\u00e1mica de 360 grados sobre la Cerda\u00f1a. Un poco m\u00e1s abajo se levanta la Capilla de la Ermita. Una nueva escultura acaba de ser erigida delante de su entrada. Se trata de una obra magn\u00edfica realizada por Philippe Lavaill, reconocido artista \u00abdaliniano\u00bb. Est\u00e1 estructurada en cruz con una joven portadora de una jarra de agua en su centro. Concretiza el origen de Font-Romeu que en catal\u00e1n significa \u00abFuente del Peregrino\u00bb<\/p>\n","protected":false},"excerpt":{"rendered":"<p>El Calvario, que se alza majestuosamente sobre una de las colinas boscosas que rodean Font-Romeu, es un lugar encantador desde donde se disfruta de una vista panor\u00e1mica de 360 grados sobre la Cerda\u00f1a. Un poco m\u00e1s abajo se levanta la Capilla de la Ermita. Una nueva escultura acaba de ser erigida delante de su entrada. [&hellip;]<\/p>\n","protected":false},"featured_media":0,"template":"","format":"standard","meta":{"_acf_changed":false,"footnotes":""},"saisons":[563,572],"type_loisirs":[404],"categorie_loisirs":[],"theme_loisirs":[],"class_list":["post-20286","loisirs","type-loisirs","status-publish","format-standard","hentry","saisons-ete-es","saisons-invierno","type_loisirs-itineraires-touristiques"],"acf":[],"yoast_head":"<!-- This site is optimized with the Yoast SEO plugin v27.3 - https:\/\/yoast.com\/product\/yoast-seo-wordpress\/ -->\n<title>Le Calvaire, le P\u00e8lerin et la Porteuse d\u2019eau - Font-Romeu<\/title>\n<meta name=\"robots\" content=\"index, follow, max-snippet:-1, max-image-preview:large, max-video-preview:-1\" \/>\n<link rel=\"canonical\" href=\"https:\/\/font-romeu.fr\/es\/aficiones\/le-calvaire-le-pelerin-et-la-porteuse-deau\/\" \/>\n<meta property=\"og:locale\" content=\"es_ES\" \/>\n<meta property=\"og:type\" content=\"article\" \/>\n<meta property=\"og:title\" content=\"Le Calvaire, le P\u00e8lerin et la Porteuse d\u2019eau - Font-Romeu\" \/>\n<meta property=\"og:description\" content=\"El Calvario, que se alza majestuosamente sobre una de las colinas boscosas que rodean Font-Romeu, es un lugar encantador desde donde se disfruta de una vista panor\u00e1mica de 360 grados sobre la Cerda\u00f1a. Un poco m\u00e1s abajo se levanta la Capilla de la Ermita. Una nueva escultura acaba de ser erigida delante de su entrada. [&hellip;]\" \/>\n<meta property=\"og:url\" content=\"https:\/\/font-romeu.fr\/es\/aficiones\/le-calvaire-le-pelerin-et-la-porteuse-deau\/\" \/>\n<meta property=\"og:site_name\" content=\"Font-Romeu\" \/>\n<meta property=\"og:image\" content=\"https:\/\/font-romeu.fr\/wp-content\/uploads\/2021\/11\/FONT-ROMEU-guide-accueil-hiver-2021-2022-couv.jpg\" \/>\n\t<meta property=\"og:image:width\" content=\"1181\" \/>\n\t<meta property=\"og:image:height\" content=\"2339\" \/>\n\t<meta property=\"og:image:type\" content=\"image\/jpeg\" \/>\n<meta name=\"twitter:card\" content=\"summary_large_image\" \/>\n<meta name=\"twitter:label1\" content=\"Tiempo de lectura\" \/>\n\t<meta name=\"twitter:data1\" content=\"1 minuto\" \/>\n<script type=\"application\/ld+json\" class=\"yoast-schema-graph\">{\"@context\":\"https:\\\/\\\/schema.org\",\"@graph\":[{\"@type\":\"WebPage\",\"@id\":\"https:\\\/\\\/font-romeu.fr\\\/es\\\/aficiones\\\/le-calvaire-le-pelerin-et-la-porteuse-deau\\\/\",\"url\":\"https:\\\/\\\/font-romeu.fr\\\/es\\\/aficiones\\\/le-calvaire-le-pelerin-et-la-porteuse-deau\\\/\",\"name\":\"Le Calvaire, le P\u00e8lerin et la Porteuse d\u2019eau - Font-Romeu\",\"isPartOf\":{\"@id\":\"https:\\\/\\\/font-romeu.fr\\\/es\\\/#website\"},\"datePublished\":\"2021-11-17T10:54:27+00:00\",\"breadcrumb\":{\"@id\":\"https:\\\/\\\/font-romeu.fr\\\/es\\\/aficiones\\\/le-calvaire-le-pelerin-et-la-porteuse-deau\\\/#breadcrumb\"},\"inLanguage\":\"es\",\"potentialAction\":[{\"@type\":\"ReadAction\",\"target\":[\"https:\\\/\\\/font-romeu.fr\\\/es\\\/aficiones\\\/le-calvaire-le-pelerin-et-la-porteuse-deau\\\/\"]}]},{\"@type\":\"BreadcrumbList\",\"@id\":\"https:\\\/\\\/font-romeu.fr\\\/es\\\/aficiones\\\/le-calvaire-le-pelerin-et-la-porteuse-deau\\\/#breadcrumb\",\"itemListElement\":[{\"@type\":\"ListItem\",\"position\":1,\"name\":\"Accueil\",\"item\":\"https:\\\/\\\/font-romeu.fr\\\/es\\\/\"},{\"@type\":\"ListItem\",\"position\":2,\"name\":\"Le Calvaire, le P\u00e8lerin et la Porteuse d\u2019eau\"}]},{\"@type\":\"WebSite\",\"@id\":\"https:\\\/\\\/font-romeu.fr\\\/es\\\/#website\",\"url\":\"https:\\\/\\\/font-romeu.fr\\\/es\\\/\",\"name\":\"Font-romeu\",\"description\":\"Changez d&#039;altitude\",\"publisher\":{\"@id\":\"https:\\\/\\\/font-romeu.fr\\\/es\\\/#organization\"},\"potentialAction\":[{\"@type\":\"SearchAction\",\"target\":{\"@type\":\"EntryPoint\",\"urlTemplate\":\"https:\\\/\\\/font-romeu.fr\\\/es\\\/?s={search_term_string}\"},\"query-input\":{\"@type\":\"PropertyValueSpecification\",\"valueRequired\":true,\"valueName\":\"search_term_string\"}}],\"inLanguage\":\"es\"},{\"@type\":\"Organization\",\"@id\":\"https:\\\/\\\/font-romeu.fr\\\/es\\\/#organization\",\"name\":\"Office de Tourisme de Font-Romeu\",\"url\":\"https:\\\/\\\/font-romeu.fr\\\/es\\\/\",\"logo\":{\"@type\":\"ImageObject\",\"inLanguage\":\"es\",\"@id\":\"https:\\\/\\\/font-romeu.fr\\\/es\\\/#\\\/schema\\\/logo\\\/image\\\/\",\"url\":\"https:\\\/\\\/font-romeu.fr\\\/wp-content\\\/uploads\\\/2021\\\/11\\\/LogoFontRomeu_orange-1.svg\",\"contentUrl\":\"https:\\\/\\\/font-romeu.fr\\\/wp-content\\\/uploads\\\/2021\\\/11\\\/LogoFontRomeu_orange-1.svg\",\"width\":1,\"height\":1,\"caption\":\"Office de Tourisme de Font-Romeu\"},\"image\":{\"@id\":\"https:\\\/\\\/font-romeu.fr\\\/es\\\/#\\\/schema\\\/logo\\\/image\\\/\"},\"sameAs\":[\"https:\\\/\\\/www.instagram.com\\\/stationfontromeu\\\/\"]}]}<\/script>\n<!-- \/ Yoast SEO plugin. -->","yoast_head_json":{"title":"Le Calvaire, le P\u00e8lerin et la Porteuse d\u2019eau - Font-Romeu","robots":{"index":"index","follow":"follow","max-snippet":"max-snippet:-1","max-image-preview":"max-image-preview:large","max-video-preview":"max-video-preview:-1"},"canonical":"https:\/\/font-romeu.fr\/es\/aficiones\/le-calvaire-le-pelerin-et-la-porteuse-deau\/","og_locale":"es_ES","og_type":"article","og_title":"Le Calvaire, le P\u00e8lerin et la Porteuse d\u2019eau - Font-Romeu","og_description":"El Calvario, que se alza majestuosamente sobre una de las colinas boscosas que rodean Font-Romeu, es un lugar encantador desde donde se disfruta de una vista panor\u00e1mica de 360 grados sobre la Cerda\u00f1a. Un poco m\u00e1s abajo se levanta la Capilla de la Ermita. Una nueva escultura acaba de ser erigida delante de su entrada. [&hellip;]","og_url":"https:\/\/font-romeu.fr\/es\/aficiones\/le-calvaire-le-pelerin-et-la-porteuse-deau\/","og_site_name":"Font-Romeu","og_image":[{"width":1181,"height":2339,"url":"https:\/\/font-romeu.fr\/wp-content\/uploads\/2021\/11\/FONT-ROMEU-guide-accueil-hiver-2021-2022-couv.jpg","type":"image\/jpeg"}],"twitter_card":"summary_large_image","twitter_misc":{"Tiempo de lectura":"1 minuto"},"schema":{"@context":"https:\/\/schema.org","@graph":[{"@type":"WebPage","@id":"https:\/\/font-romeu.fr\/es\/aficiones\/le-calvaire-le-pelerin-et-la-porteuse-deau\/","url":"https:\/\/font-romeu.fr\/es\/aficiones\/le-calvaire-le-pelerin-et-la-porteuse-deau\/","name":"Le Calvaire, le P\u00e8lerin et la Porteuse d\u2019eau - Font-Romeu","isPartOf":{"@id":"https:\/\/font-romeu.fr\/es\/#website"},"datePublished":"2021-11-17T10:54:27+00:00","breadcrumb":{"@id":"https:\/\/font-romeu.fr\/es\/aficiones\/le-calvaire-le-pelerin-et-la-porteuse-deau\/#breadcrumb"},"inLanguage":"es","potentialAction":[{"@type":"ReadAction","target":["https:\/\/font-romeu.fr\/es\/aficiones\/le-calvaire-le-pelerin-et-la-porteuse-deau\/"]}]},{"@type":"BreadcrumbList","@id":"https:\/\/font-romeu.fr\/es\/aficiones\/le-calvaire-le-pelerin-et-la-porteuse-deau\/#breadcrumb","itemListElement":[{"@type":"ListItem","position":1,"name":"Accueil","item":"https:\/\/font-romeu.fr\/es\/"},{"@type":"ListItem","position":2,"name":"Le Calvaire, le P\u00e8lerin et la Porteuse d\u2019eau"}]},{"@type":"WebSite","@id":"https:\/\/font-romeu.fr\/es\/#website","url":"https:\/\/font-romeu.fr\/es\/","name":"Font-romeu","description":"Changez d&#039;altitude","publisher":{"@id":"https:\/\/font-romeu.fr\/es\/#organization"},"potentialAction":[{"@type":"SearchAction","target":{"@type":"EntryPoint","urlTemplate":"https:\/\/font-romeu.fr\/es\/?s={search_term_string}"},"query-input":{"@type":"PropertyValueSpecification","valueRequired":true,"valueName":"search_term_string"}}],"inLanguage":"es"},{"@type":"Organization","@id":"https:\/\/font-romeu.fr\/es\/#organization","name":"Office de Tourisme de Font-Romeu","url":"https:\/\/font-romeu.fr\/es\/","logo":{"@type":"ImageObject","inLanguage":"es","@id":"https:\/\/font-romeu.fr\/es\/#\/schema\/logo\/image\/","url":"https:\/\/font-romeu.fr\/wp-content\/uploads\/2021\/11\/LogoFontRomeu_orange-1.svg","contentUrl":"https:\/\/font-romeu.fr\/wp-content\/uploads\/2021\/11\/LogoFontRomeu_orange-1.svg","width":1,"height":1,"caption":"Office de Tourisme de Font-Romeu"},"image":{"@id":"https:\/\/font-romeu.fr\/es\/#\/schema\/logo\/image\/"},"sameAs":["https:\/\/www.instagram.com\/stationfontromeu\/"]}]}},"_links":{"self":[{"href":"https:\/\/font-romeu.fr\/es\/wp-json\/wp\/v2\/loisirs\/20286","targetHints":{"allow":["GET"]}}],"collection":[{"href":"https:\/\/font-romeu.fr\/es\/wp-json\/wp\/v2\/loisirs"}],"about":[{"href":"https:\/\/font-romeu.fr\/es\/wp-json\/wp\/v2\/types\/loisirs"}],"version-history":[{"count":0,"href":"https:\/\/font-romeu.fr\/es\/wp-json\/wp\/v2\/loisirs\/20286\/revisions"}],"wp:attachment":[{"href":"https:\/\/font-romeu.fr\/es\/wp-json\/wp\/v2\/media?parent=20286"}],"wp:term":[{"taxonomy":"saisons","embeddable":true,"href":"https:\/\/font-romeu.fr\/es\/wp-json\/wp\/v2\/saisons?post=20286"},{"taxonomy":"type_loisirs","embeddable":true,"href":"https:\/\/font-romeu.fr\/es\/wp-json\/wp\/v2\/type_loisirs?post=20286"},{"taxonomy":"categorie_loisirs","embeddable":true,"href":"https:\/\/font-romeu.fr\/es\/wp-json\/wp\/v2\/categorie_loisirs?post=20286"},{"taxonomy":"theme_loisirs","embeddable":true,"href":"https:\/\/font-romeu.fr\/es\/wp-json\/wp\/v2\/theme_loisirs?post=20286"}],"curies":[{"name":"wp","href":"https:\/\/api.w.org\/{rel}","templated":true}]}}